{"id":723,"date":"2023-09-26T16:11:48","date_gmt":"2023-09-26T21:11:48","guid":{"rendered":"https:\/\/carlosdanielsanchez.com\/?post_type=product&#038;p=723"},"modified":"2024-02-23T09:13:12","modified_gmt":"2024-02-23T14:13:12","slug":"renault-logan-intens-1-600cc-16v-modelo-2023-14-000-kms","status":"publish","type":"product","link":"https:\/\/carlosdanielsanchez.com\/index.php\/producto\/renault-logan-intens-1-600cc-16v-modelo-2023-14-000-kms\/","title":{"rendered":"Renault Logan Intens 1.600cc 16v  \u2013 Modelo 2023 \u2013 14.000 kms"},"content":{"rendered":"<p class=\"CfgTabPresentation__title\">Equipamiento incluido con esta versi\u00f3n<\/p>\n<ul class=\"CfgTabPresentation__wrap\">\n<li class=\"EquipmentListItem\">\n<div class=\"EquipmentListItem__item\" role=\"button\"><span class=\"EquipmentListItem__label\">Repetidores integrados en los retrovisores<\/span><\/div>\n<\/li>\n<li class=\"EquipmentListItem\">\n<div class=\"EquipmentListItem__item\" role=\"button\"><span class=\"EquipmentListItem__label\">Faros diurnos (DRL) LED<\/span><\/div>\n<\/li>\n<li class=\"EquipmentListItem\">\n<div class=\"EquipmentListItem__item\" role=\"button\"><span class=\"EquipmentListItem__label\">Manijas interiores cromadas<\/span><\/div>\n<\/li>\n<li class=\"EquipmentListItem\">\n<div class=\"EquipmentListItem__item\" role=\"button\"><span class=\"EquipmentListItem__label\">Manijas de puertas exteriores tono carrocer\u00eda<\/span><\/div>\n<\/li>\n<li class=\"EquipmentListItem\">\n<div class=\"EquipmentListItem__item\" role=\"button\"><span class=\"EquipmentListItem__label\">Cojiner\u00eda en TEP\/cuero<\/span><\/div>\n<\/li>\n<li class=\"EquipmentListItem\">\n<div class=\"EquipmentListItem__item\" role=\"button\"><span class=\"EquipmentListItem__label\">Exploradoras<\/span><\/div>\n<\/li>\n<li class=\"EquipmentListItem\">\n<div class=\"EquipmentListItem__item\" role=\"button\"><span class=\"EquipmentListItem__label\">Retrovisores tono carrocer\u00eda<\/span><\/div>\n<\/li>\n<li class=\"EquipmentListItem\">\n<div class=\"EquipmentListItem__item\" role=\"button\"><span class=\"EquipmentListItem__label\">Volante en TEP<\/span><\/div>\n<\/li>\n<li class=\"EquipmentListItem\">\n<div class=\"EquipmentListItem__item\" role=\"button\"><span class=\"EquipmentListItem__label\">Mando satelital<\/span><\/div>\n<\/li>\n<li class=\"EquipmentListItem\">\n<div class=\"EquipmentListItem__item\" role=\"button\"><span class=\"EquipmentListItem__label\">Eco Coaching y Eco Scoring<\/span><\/div>\n<\/li>\n<li class=\"EquipmentListItem\">\n<div class=\"EquipmentListItem__item\" role=\"button\"><span class=\"EquipmentListItem__label\">Replicaci\u00f3n de pantalla con Android Auto y Apple CarPlay<\/span><\/div>\n<\/li>\n<li class=\"EquipmentListItem\">\n<div class=\"EquipmentListItem__item\" role=\"button\"><span class=\"EquipmentListItem__label\">Media Evolution con pantalla t\u00e1ctil 7&#8243;, USB, Aux y tecnolog\u00eda Bluetooth<\/span><\/div>\n<\/li>\n<li class=\"EquipmentListItem\">\n<div class=\"EquipmentListItem__item\" role=\"button\"><span class=\"EquipmentListItem__label\">Computador de a bordo<\/span><\/div>\n<\/li>\n<li class=\"EquipmentListItem\">\n<div class=\"EquipmentListItem__item\" role=\"button\"><span class=\"EquipmentListItem__label\">Sensores de luz y lluvia<\/span><\/div>\n<\/li>\n<li class=\"EquipmentListItem\">\n<div class=\"EquipmentListItem__item\" role=\"button\"><span class=\"EquipmentListItem__label\">Indicador de temperatura exterior<\/span><\/div>\n<\/li>\n<li class=\"EquipmentListItem\">\n<div class=\"EquipmentListItem__item\" role=\"button\"><span class=\"EquipmentListItem__label\">Sensores y c\u00e1mara de reversa<\/span><\/div>\n<\/li>\n<li class=\"EquipmentListItem\">\n<div class=\"EquipmentListItem__item\" role=\"button\"><span class=\"EquipmentListItem__label\">Indicador de cambio de marcha (GSI)<\/span><\/div>\n<\/li>\n<li class=\"EquipmentListItem\">\n<div class=\"EquipmentListItem__item\" role=\"button\"><span class=\"EquipmentListItem__label\">Silla conductor regulable en altura<\/span><\/div>\n<\/li>\n<li class=\"EquipmentListItem\">\n<div class=\"EquipmentListItem__item\" role=\"button\"><span class=\"EquipmentListItem__label\">Retrovisores el\u00e9ctricos<\/span><\/div>\n<\/li>\n<li class=\"EquipmentListItem\">\n<div class=\"EquipmentListItem__item\" role=\"button\"><span class=\"EquipmentListItem__label\">Apoyacabezas regulables en altura<\/span><\/div>\n<\/li>\n<li class=\"EquipmentListItem\">\n<div class=\"EquipmentListItem__item\" role=\"button\"><span class=\"EquipmentListItem__label\">Silla trasera abatible 1\/3 2\/3<\/span><\/div>\n<\/li>\n<li class=\"EquipmentListItem\">\n<div class=\"EquipmentListItem__item\" role=\"button\"><span class=\"EquipmentListItem__label\">Aire acondicionado autom\u00e1tico<\/span><\/div>\n<\/li>\n<li class=\"EquipmentListItem\">\n<div class=\"EquipmentListItem__item\" role=\"button\"><span class=\"EquipmentListItem__label\">Volante regulable en altura<\/span><\/div>\n<\/li>\n<li class=\"EquipmentListItem\">\n<div class=\"EquipmentListItem__item\" role=\"button\"><span class=\"EquipmentListItem__label\">One Touch elevavidrios traseros<\/span><\/div>\n<\/li>\n<li class=\"EquipmentListItem\">\n<div class=\"EquipmentListItem__item\" role=\"button\"><span class=\"EquipmentListItem__label\">Luz de ba\u00fal<\/span><\/div>\n<\/li>\n<li class=\"EquipmentListItem\">\n<div class=\"EquipmentListItem__item\" role=\"button\"><span class=\"EquipmentListItem__label\">One Touch conductor + copiloto<\/span><\/div>\n<\/li>\n<li class=\"EquipmentListItem\">\n<div class=\"EquipmentListItem__item\" role=\"button\"><span class=\"EquipmentListItem__label\">Direcci\u00f3n asistida electrohidr\u00e1ulica<\/span><\/div>\n<\/li>\n<li class=\"EquipmentListItem\">\n<div class=\"EquipmentListItem__item\" role=\"button\"><span class=\"EquipmentListItem__label\">Airbag copiloto<\/span><\/div>\n<\/li>\n<li class=\"EquipmentListItem\">\n<div class=\"EquipmentListItem__item\" role=\"button\"><span class=\"EquipmentListItem__label\">Frenos ABS<\/span><\/div>\n<\/li>\n<li class=\"EquipmentListItem\">\n<div class=\"EquipmentListItem__item\" role=\"button\"><span class=\"EquipmentListItem__label\">Airbags laterales<\/span><\/div>\n<\/li>\n<li class=\"EquipmentListItem\">\n<div class=\"EquipmentListItem__item\" role=\"button\"><span class=\"EquipmentListItem__label\">Airbag conductor<\/span><\/div>\n<\/li>\n<li class=\"EquipmentListItem\">\n<div class=\"EquipmentListItem__item\" role=\"button\"><span class=\"EquipmentListItem__label\">Alerta de olvido de cintur\u00f3n conductor<\/span><\/div>\n<\/li>\n<li class=\"EquipmentListItem\">\n<div class=\"EquipmentListItem__item\" role=\"button\"><span class=\"EquipmentListItem__label\">Cinturones traseros 3 puntos<\/span><\/div>\n<\/li>\n<li class=\"EquipmentListItem\">\n<div class=\"EquipmentListItem__item\" role=\"button\"><span class=\"EquipmentListItem__label\">Dos fijaciones ISOFIX<\/span><\/div>\n<\/li>\n<li class=\"EquipmentListItem\">\n<div class=\"EquipmentListItem__item\" role=\"button\"><span class=\"EquipmentListItem__label\">Controles de tracci\u00f3n (ASR) y estabilidad (ESP) + Asistente de arranque en pendiente (HSA)<\/span><\/div>\n<\/li>\n<li class=\"EquipmentListItem\">\n<div class=\"EquipmentListItem__item\" role=\"button\"><span class=\"EquipmentListItem__label\">Cinturones delanteros regulables en altura<\/span><\/div>\n<\/li>\n<li class=\"EquipmentListItem\">\n<div class=\"EquipmentListItem__item\" role=\"button\"><span class=\"EquipmentListItem__label\">3 apoyacabezas traseros<\/span><\/div>\n<\/li>\n<li class=\"EquipmentListItem\">\n<div class=\"EquipmentListItem__item\" role=\"button\"><span class=\"EquipmentListItem__label\">Bloqueo central<\/span><\/div>\n<\/li>\n<\/ul>\n","protected":false},"excerpt":{"rendered":"<h3>Unica Due\u00f1a<\/h3>\n<h3>Detalles del Veh\u00edculo<\/h3>\n<table>\n<tbody>\n<tr>\n<th>Caracter\u00edstica<\/th>\n<th>Descripci\u00f3n<\/th>\n<\/tr>\n<tr>\n<td>Marca<\/td>\n<td>Renault<\/td>\n<\/tr>\n<tr>\n<td>Modelo<\/td>\n<td>\n<h4>Renault Logan Intens<\/h4>\n<\/td>\n<\/tr>\n<tr>\n<td>A\u00f1o<\/td>\n<td>2023<\/td>\n<\/tr>\n<tr>\n<td>Versi\u00f3n<\/td>\n<td>\n<h4>Intens<\/h4>\n<\/td>\n<\/tr>\n<tr>\n<td>Color<\/td>\n<td>Beige Dune<\/td>\n<\/tr>\n<tr>\n<td>Tipo de combustible<\/td>\n<td>Gasolina<\/td>\n<\/tr>\n<tr>\n<td>Puertas<\/td>\n<td>4<\/td>\n<\/tr>\n<tr>\n<td>Transmisi\u00f3n<\/td>\n<td>Mecanica<\/td>\n<\/tr>\n<tr>\n<td>Cilindraje<\/td>\n<td>1598cc<\/td>\n<\/tr>\n<tr>\n<td>Kilometros<\/td>\n<td>14.000 kms<\/td>\n<\/tr>\n<tr>\n<td>Potencia<\/td>\n<td>111hp@5500 rpm<\/td>\n<\/tr>\n<tr>\n<td>Combustible<\/td>\n<td>Gasolina<\/td>\n<\/tr>\n<tr>\n<td>Tracci\u00f3n<\/td>\n<td>4\u00d72<\/td>\n<\/tr>\n<tr>\n<td>Airbag<\/td>\n<td>4<\/td>\n<\/tr>\n<\/tbody>\n<\/table>\n","protected":false},"featured_media":1021,"template":"","meta":{"content-type":"","site-sidebar-layout":"default","site-content-layout":"","ast-site-content-layout":"default","site-content-style":"default","site-sidebar-style":"default","ast-global-header-display":"","ast-banner-title-visibility":"","ast-main-header-display":"","ast-hfb-above-header-display":"","ast-hfb-below-header-display":"","ast-hfb-mobile-header-display":"","site-post-title":"","ast-breadcrumbs-content":"","ast-featured-img":"","footer-sml-layout":"","theme-transparent-header-meta":"default","adv-header-id-meta":"","stick-header-meta":"","header-above-stick-meta":"","header-main-stick-meta":"","header-below-stick-meta":"","astra-migrate-meta-layouts":"set","ast-page-background-enabled":"default","ast-page-background-meta":{"desktop":{"background-color":"","background-image":"","background-repeat":"repeat","background-position":"center center","background-size":"auto","background-attachment":"scroll","background-type":"","background-media":"","overlay-type":"","overlay-color":"","overlay-gradient":""},"tablet":{"background-color":"","background-image":"","background-repeat":"repeat","background-position":"center center","background-size":"auto","background-attachment":"scroll","background-type":"","background-media":"","overlay-type":"","overlay-color":"","overlay-gradient":""},"mobile":{"background-color":"","background-image":"","background-repeat":"repeat","background-position":"center center","background-size":"auto","background-attachment":"scroll","background-type":"","background-media":"","overlay-type":"","overlay-color":"","overlay-gradient":""}},"ast-content-background-meta":{"desktop":{"background-color":"var(--ast-global-color-5)","background-image":"","background-repeat":"repeat","background-position":"center center","background-size":"auto","background-attachment":"scroll","background-type":"","background-media":"","overlay-type":"","overlay-color":"","overlay-gradient":""},"tablet":{"background-color":"var(--ast-global-color-5)","background-image":"","background-repeat":"repeat","background-position":"center center","background-size":"auto","background-attachment":"scroll","background-type":"","background-media":"","overlay-type":"","overlay-color":"","overlay-gradient":""},"mobile":{"background-color":"var(--ast-global-color-5)","background-image":"","background-repeat":"repeat","background-position":"center center","background-size":"auto","background-attachment":"scroll","background-type":"","background-media":"","overlay-type":"","overlay-color":"","overlay-gradient":""}}},"pwb-brand":[],"product_cat":[22],"product_tag":[],"class_list":{"0":"post-723","1":"product","2":"type-product","3":"status-publish","4":"has-post-thumbnail","6":"product_cat-usadoparticular","7":"desktop-align-left","8":"tablet-align-left","9":"mobile-align-left","11":"first","12":"instock","13":"shipping-taxable","14":"purchasable","15":"product-type-simple"},"yoast_head":"<!-- This site is optimized with the Yoast SEO plugin v23.9 - https:\/\/yoast.com\/wordpress\/plugins\/seo\/ -->\n<title>Renault Logan Intens 1.600cc 16v \u2013 Modelo 2023 \u2013 14.000 kms - Portafolio de Carlos Daniel Sanchez<\/title>\n<meta name=\"robots\" content=\"index, follow, max-snippet:-1, max-image-preview:large, max-video-preview:-1\" \/>\n<link rel=\"canonical\" href=\"https:\/\/carlosdanielsanchez.com\/index.php\/producto\/renault-logan-intens-1-600cc-16v-modelo-2023-14-000-kms\/\" \/>\n<meta property=\"og:locale\" content=\"es_ES\" \/>\n<meta property=\"og:type\" content=\"article\" \/>\n<meta property=\"og:title\" content=\"Renault Logan Intens 1.600cc 16v \u2013 Modelo 2023 \u2013 14.000 kms - Portafolio de Carlos Daniel Sanchez\" \/>\n<meta property=\"og:description\" content=\"Unica Due\u00f1a Detalles del Veh\u00edculo    Caracter\u00edstica Descripci\u00f3n   Marca Renault   Modelo  Renault Logan Intens    A\u00f1o 2023   Versi\u00f3n  Intens    Color Beige Dune   Tipo de combustible Gasolina   Puertas 4   Transmisi\u00f3n Mecanica   Cilindraje 1598cc   Kilometros 14.000 kms   Potencia 111hp@5500 rpm   Combustible Gasolina   Tracci\u00f3n 4\u00d72   Airbag 4\" \/>\n<meta property=\"og:url\" content=\"https:\/\/carlosdanielsanchez.com\/index.php\/producto\/renault-logan-intens-1-600cc-16v-modelo-2023-14-000-kms\/\" \/>\n<meta property=\"og:site_name\" content=\"Portafolio de Carlos Daniel Sanchez\" \/>\n<meta property=\"article:modified_time\" content=\"2024-02-23T14:13:12+00:00\" \/>\n<meta property=\"og:image\" content=\"http:\/\/carlosdanielsanchez.com\/wp-content\/uploads\/2023\/09\/logan_VENDIDO.png\" \/>\n\t<meta property=\"og:image:width\" content=\"1280\" \/>\n\t<meta property=\"og:image:height\" content=\"720\" \/>\n\t<meta property=\"og:image:type\" content=\"image\/png\" \/>\n<meta name=\"twitter:card\" content=\"summary_large_image\" \/>\n<meta name=\"twitter:label1\" content=\"Tiempo de lectura\" \/>\n\t<meta name=\"twitter:data1\" content=\"1 minuto\" \/>\n<script type=\"application\/ld+json\" class=\"yoast-schema-graph\">{\"@context\":\"https:\/\/schema.org\",\"@graph\":[{\"@type\":\"WebPage\",\"@id\":\"https:\/\/carlosdanielsanchez.com\/index.php\/producto\/renault-logan-intens-1-600cc-16v-modelo-2023-14-000-kms\/\",\"url\":\"https:\/\/carlosdanielsanchez.com\/index.php\/producto\/renault-logan-intens-1-600cc-16v-modelo-2023-14-000-kms\/\",\"name\":\"Renault Logan Intens 1.600cc 16v \u2013 Modelo 2023 \u2013 14.000 kms - Portafolio de Carlos Daniel Sanchez\",\"isPartOf\":{\"@id\":\"https:\/\/carlosdanielsanchez.com\/#website\"},\"primaryImageOfPage\":{\"@id\":\"https:\/\/carlosdanielsanchez.com\/index.php\/producto\/renault-logan-intens-1-600cc-16v-modelo-2023-14-000-kms\/#primaryimage\"},\"image\":{\"@id\":\"https:\/\/carlosdanielsanchez.com\/index.php\/producto\/renault-logan-intens-1-600cc-16v-modelo-2023-14-000-kms\/#primaryimage\"},\"thumbnailUrl\":\"https:\/\/i0.wp.com\/carlosdanielsanchez.com\/wp-content\/uploads\/2023\/09\/logan_VENDIDO.png?fit=1280%2C720&ssl=1\",\"datePublished\":\"2023-09-26T21:11:48+00:00\",\"dateModified\":\"2024-02-23T14:13:12+00:00\",\"breadcrumb\":{\"@id\":\"https:\/\/carlosdanielsanchez.com\/index.php\/producto\/renault-logan-intens-1-600cc-16v-modelo-2023-14-000-kms\/#breadcrumb\"},\"inLanguage\":\"es\",\"potentialAction\":[{\"@type\":\"ReadAction\",\"target\":[\"https:\/\/carlosdanielsanchez.com\/index.php\/producto\/renault-logan-intens-1-600cc-16v-modelo-2023-14-000-kms\/\"]}]},{\"@type\":\"ImageObject\",\"inLanguage\":\"es\",\"@id\":\"https:\/\/carlosdanielsanchez.com\/index.php\/producto\/renault-logan-intens-1-600cc-16v-modelo-2023-14-000-kms\/#primaryimage\",\"url\":\"https:\/\/i0.wp.com\/carlosdanielsanchez.com\/wp-content\/uploads\/2023\/09\/logan_VENDIDO.png?fit=1280%2C720&ssl=1\",\"contentUrl\":\"https:\/\/i0.wp.com\/carlosdanielsanchez.com\/wp-content\/uploads\/2023\/09\/logan_VENDIDO.png?fit=1280%2C720&ssl=1\",\"width\":1280,\"height\":720},{\"@type\":\"BreadcrumbList\",\"@id\":\"https:\/\/carlosdanielsanchez.com\/index.php\/producto\/renault-logan-intens-1-600cc-16v-modelo-2023-14-000-kms\/#breadcrumb\",\"itemListElement\":[{\"@type\":\"ListItem\",\"position\":1,\"name\":\"Portada\",\"item\":\"https:\/\/carlosdanielsanchez.com\/\"},{\"@type\":\"ListItem\",\"position\":2,\"name\":\"Garaje\",\"item\":\"https:\/\/carlosdanielsanchez.com\/index.php\/tienda\/\"},{\"@type\":\"ListItem\",\"position\":3,\"name\":\"Renault Logan Intens 1.600cc 16v \u2013 Modelo 2023 \u2013 14.000 kms\"}]},{\"@type\":\"WebSite\",\"@id\":\"https:\/\/carlosdanielsanchez.com\/#website\",\"url\":\"https:\/\/carlosdanielsanchez.com\/\",\"name\":\"Portafolio de Carlos Daniel Sanchez\",\"description\":\"Conoce un poco de mi mundo, Autos y Software\",\"publisher\":{\"@id\":\"https:\/\/carlosdanielsanchez.com\/#\/schema\/person\/09532f659feefd3fbf4f127f3889b99a\"},\"potentialAction\":[{\"@type\":\"SearchAction\",\"target\":{\"@type\":\"EntryPoint\",\"urlTemplate\":\"https:\/\/carlosdanielsanchez.com\/?s={search_term_string}\"},\"query-input\":{\"@type\":\"PropertyValueSpecification\",\"valueRequired\":true,\"valueName\":\"search_term_string\"}}],\"inLanguage\":\"es\"},{\"@type\":[\"Person\",\"Organization\"],\"@id\":\"https:\/\/carlosdanielsanchez.com\/#\/schema\/person\/09532f659feefd3fbf4f127f3889b99a\",\"name\":\"Carlos Daniel Sanchez\",\"image\":{\"@type\":\"ImageObject\",\"inLanguage\":\"es\",\"@id\":\"https:\/\/carlosdanielsanchez.com\/#\/schema\/person\/image\/\",\"url\":\"https:\/\/i0.wp.com\/carlosdanielsanchez.com\/wp-content\/uploads\/2021\/04\/cropped-Logo-Carlos-daniel-sanchez.png?fit=400%2C62&ssl=1\",\"contentUrl\":\"https:\/\/i0.wp.com\/carlosdanielsanchez.com\/wp-content\/uploads\/2021\/04\/cropped-Logo-Carlos-daniel-sanchez.png?fit=400%2C62&ssl=1\",\"width\":400,\"height\":62,\"caption\":\"Carlos Daniel Sanchez\"},\"logo\":{\"@id\":\"https:\/\/carlosdanielsanchez.com\/#\/schema\/person\/image\/\"},\"sameAs\":[\"http:\/\/carlosdanielsanchez.com\"]}]}<\/script>\n<!-- \/ Yoast SEO plugin. -->","yoast_head_json":{"title":"Renault Logan Intens 1.600cc 16v \u2013 Modelo 2023 \u2013 14.000 kms - Portafolio de Carlos Daniel Sanchez","robots":{"index":"index","follow":"follow","max-snippet":"max-snippet:-1","max-image-preview":"max-image-preview:large","max-video-preview":"max-video-preview:-1"},"canonical":"https:\/\/carlosdanielsanchez.com\/index.php\/producto\/renault-logan-intens-1-600cc-16v-modelo-2023-14-000-kms\/","og_locale":"es_ES","og_type":"article","og_title":"Renault Logan Intens 1.600cc 16v \u2013 Modelo 2023 \u2013 14.000 kms - Portafolio de Carlos Daniel Sanchez","og_description":"Unica Due\u00f1a Detalles del Veh\u00edculo    Caracter\u00edstica Descripci\u00f3n   Marca Renault   Modelo  Renault Logan Intens    A\u00f1o 2023   Versi\u00f3n  Intens    Color Beige Dune   Tipo de combustible Gasolina   Puertas 4   Transmisi\u00f3n Mecanica   Cilindraje 1598cc   Kilometros 14.000 kms   Potencia 111hp@5500 rpm   Combustible Gasolina   Tracci\u00f3n 4\u00d72   Airbag 4","og_url":"https:\/\/carlosdanielsanchez.com\/index.php\/producto\/renault-logan-intens-1-600cc-16v-modelo-2023-14-000-kms\/","og_site_name":"Portafolio de Carlos Daniel Sanchez","article_modified_time":"2024-02-23T14:13:12+00:00","og_image":[{"width":1280,"height":720,"url":"http:\/\/carlosdanielsanchez.com\/wp-content\/uploads\/2023\/09\/logan_VENDIDO.png","type":"image\/png"}],"twitter_card":"summary_large_image","twitter_misc":{"Tiempo de lectura":"1 minuto"},"schema":{"@context":"https:\/\/schema.org","@graph":[{"@type":"WebPage","@id":"https:\/\/carlosdanielsanchez.com\/index.php\/producto\/renault-logan-intens-1-600cc-16v-modelo-2023-14-000-kms\/","url":"https:\/\/carlosdanielsanchez.com\/index.php\/producto\/renault-logan-intens-1-600cc-16v-modelo-2023-14-000-kms\/","name":"Renault Logan Intens 1.600cc 16v \u2013 Modelo 2023 \u2013 14.000 kms - Portafolio de Carlos Daniel Sanchez","isPartOf":{"@id":"https:\/\/carlosdanielsanchez.com\/#website"},"primaryImageOfPage":{"@id":"https:\/\/carlosdanielsanchez.com\/index.php\/producto\/renault-logan-intens-1-600cc-16v-modelo-2023-14-000-kms\/#primaryimage"},"image":{"@id":"https:\/\/carlosdanielsanchez.com\/index.php\/producto\/renault-logan-intens-1-600cc-16v-modelo-2023-14-000-kms\/#primaryimage"},"thumbnailUrl":"https:\/\/i0.wp.com\/carlosdanielsanchez.com\/wp-content\/uploads\/2023\/09\/logan_VENDIDO.png?fit=1280%2C720&ssl=1","datePublished":"2023-09-26T21:11:48+00:00","dateModified":"2024-02-23T14:13:12+00:00","breadcrumb":{"@id":"https:\/\/carlosdanielsanchez.com\/index.php\/producto\/renault-logan-intens-1-600cc-16v-modelo-2023-14-000-kms\/#breadcrumb"},"inLanguage":"es","potentialAction":[{"@type":"ReadAction","target":["https:\/\/carlosdanielsanchez.com\/index.php\/producto\/renault-logan-intens-1-600cc-16v-modelo-2023-14-000-kms\/"]}]},{"@type":"ImageObject","inLanguage":"es","@id":"https:\/\/carlosdanielsanchez.com\/index.php\/producto\/renault-logan-intens-1-600cc-16v-modelo-2023-14-000-kms\/#primaryimage","url":"https:\/\/i0.wp.com\/carlosdanielsanchez.com\/wp-content\/uploads\/2023\/09\/logan_VENDIDO.png?fit=1280%2C720&ssl=1","contentUrl":"https:\/\/i0.wp.com\/carlosdanielsanchez.com\/wp-content\/uploads\/2023\/09\/logan_VENDIDO.png?fit=1280%2C720&ssl=1","width":1280,"height":720},{"@type":"BreadcrumbList","@id":"https:\/\/carlosdanielsanchez.com\/index.php\/producto\/renault-logan-intens-1-600cc-16v-modelo-2023-14-000-kms\/#breadcrumb","itemListElement":[{"@type":"ListItem","position":1,"name":"Portada","item":"https:\/\/carlosdanielsanchez.com\/"},{"@type":"ListItem","position":2,"name":"Garaje","item":"https:\/\/carlosdanielsanchez.com\/index.php\/tienda\/"},{"@type":"ListItem","position":3,"name":"Renault Logan Intens 1.600cc 16v \u2013 Modelo 2023 \u2013 14.000 kms"}]},{"@type":"WebSite","@id":"https:\/\/carlosdanielsanchez.com\/#website","url":"https:\/\/carlosdanielsanchez.com\/","name":"Portafolio de Carlos Daniel Sanchez","description":"Conoce un poco de mi mundo, Autos y Software","publisher":{"@id":"https:\/\/carlosdanielsanchez.com\/#\/schema\/person\/09532f659feefd3fbf4f127f3889b99a"},"potentialAction":[{"@type":"SearchAction","target":{"@type":"EntryPoint","urlTemplate":"https:\/\/carlosdanielsanchez.com\/?s={search_term_string}"},"query-input":{"@type":"PropertyValueSpecification","valueRequired":true,"valueName":"search_term_string"}}],"inLanguage":"es"},{"@type":["Person","Organization"],"@id":"https:\/\/carlosdanielsanchez.com\/#\/schema\/person\/09532f659feefd3fbf4f127f3889b99a","name":"Carlos Daniel Sanchez","image":{"@type":"ImageObject","inLanguage":"es","@id":"https:\/\/carlosdanielsanchez.com\/#\/schema\/person\/image\/","url":"https:\/\/i0.wp.com\/carlosdanielsanchez.com\/wp-content\/uploads\/2021\/04\/cropped-Logo-Carlos-daniel-sanchez.png?fit=400%2C62&ssl=1","contentUrl":"https:\/\/i0.wp.com\/carlosdanielsanchez.com\/wp-content\/uploads\/2021\/04\/cropped-Logo-Carlos-daniel-sanchez.png?fit=400%2C62&ssl=1","width":400,"height":62,"caption":"Carlos Daniel Sanchez"},"logo":{"@id":"https:\/\/carlosdanielsanchez.com\/#\/schema\/person\/image\/"},"sameAs":["http:\/\/carlosdanielsanchez.com"]}]}},"jetpack_sharing_enabled":true,"jetpack-related-posts":[],"brands":[],"_links":{"self":[{"href":"https:\/\/carlosdanielsanchez.com\/index.php\/wp-json\/wp\/v2\/product\/723"}],"collection":[{"href":"https:\/\/carlosdanielsanchez.com\/index.php\/wp-json\/wp\/v2\/product"}],"about":[{"href":"https:\/\/carlosdanielsanchez.com\/index.php\/wp-json\/wp\/v2\/types\/product"}],"wp:featuredmedia":[{"embeddable":true,"href":"https:\/\/carlosdanielsanchez.com\/index.php\/wp-json\/wp\/v2\/media\/1021"}],"wp:attachment":[{"href":"https:\/\/carlosdanielsanchez.com\/index.php\/wp-json\/wp\/v2\/media?parent=723"}],"wp:term":[{"taxonomy":"pwb-brand","embeddable":true,"href":"https:\/\/carlosdanielsanchez.com\/index.php\/wp-json\/wp\/v2\/pwb-brand?post=723"},{"taxonomy":"product_cat","embeddable":true,"href":"https:\/\/carlosdanielsanchez.com\/index.php\/wp-json\/wp\/v2\/product_cat?post=723"},{"taxonomy":"product_tag","embeddable":true,"href":"https:\/\/carlosdanielsanchez.com\/index.php\/wp-json\/wp\/v2\/product_tag?post=723"}],"curies":[{"name":"wp","href":"https:\/\/api.w.org\/{rel}","templated":true}]}}